{"id":5861,"date":"2025-10-19T20:33:22","date_gmt":"2025-10-19T23:33:22","guid":{"rendered":"http:\/\/ecen.com.br\/?page_id=5861"},"modified":"2025-10-19T21:00:37","modified_gmt":"2025-10-20T00:00:37","slug":"assuntos-numeros-zero-a-47-da-ee","status":"publish","type":"page","link":"https:\/\/www.ecen.com.br\/?page_id=5861","title":{"rendered":"Assuntos n\u00fameros zero a 47 da E&#038;E"},"content":{"rendered":"\t\t<div data-elementor-type=\"wp-page\" data-elementor-id=\"5861\" class=\"elementor elementor-5861\">\n\t\t\t\t\t\t<div class=\"elementor-inner\">\n\t\t\t\t<div class=\"elementor-section-wrap\">\n\t\t\t\t\t\t\t\t\t<section class=\"elementor-section elementor-top-section elementor-element elementor-element-bf9cf5c elementor-section-boxed elementor-section-height-default elementor-section-height-default\" data-id=\"bf9cf5c\" data-element_type=\"section\">\n\t\t\t\t\t\t<div class=\"elementor-container elementor-column-gap-default\">\n\t\t\t\t\t\t\t<div class=\"elementor-row\">\n\t\t\t\t\t<div class=\"elementor-column elementor-col-100 elementor-top-column elementor-element elementor-element-1ccfdb6\" data-id=\"1ccfdb6\" data-element_type=\"column\">\n\t\t\t<div class=\"elementor-column-wrap elementor-element-populated\">\n\t\t\t\t\t\t\t<div class=\"elementor-widget-wrap\">\n\t\t\t\t\t\t<div class=\"elementor-element elementor-element-c1e03e7 elementor-widget elementor-widget-text-editor\" data-id=\"c1e03e7\" data-element_type=\"widget\" data-widget_type=\"text-editor.default\">\n\t\t\t\t<div class=\"elementor-widget-container\">\n\t\t\t\t\t\t\t\t<div class=\"elementor-text-editor elementor-clearfix\">\n\t\t\t\t<p><a href=\"http:\/\/ecen.com.br\/wp-content\/uploads\/2025\/10\/eee1P.pdf\">eee1P<\/a><\/p><p><a href=\"http:\/\/ecen.com.br\/wp-content\/uploads\/2025\/10\/eee1P.pdf\"><strong>Economia &amp; Energia <\/strong><strong>Ano 1 &#8211; N\u00famero um &#8211; Fevereiro e Mar\u00e7o de 1997<\/strong><\/a><br \/>Neste N\u00famero:<br \/><a href=\"http:\/\/ecen.com.br\/wp-content\/uploads\/2025\/10\/eee1P.pdf\"><strong>Apresenta\u00e7\u00e3o e&amp;e o que \u00e9 e a que veio.<\/strong><\/a><br \/><a href=\"http:\/\/ecen.com.br\/wp-content\/uploads\/2025\/10\/eee1P.pdf\"><strong>A Produtividade do Capital<\/strong><\/a><br \/>Carlos Feu Alvim<br \/>A queda da produtividade do capital \u00e9 apontada como<br \/>a principal limita\u00e7\u00e3o para o crescimento na economia<br \/>mundial, inclusive a do Brasil. Aqui como l\u00e1 \u00e9<br \/>necess\u00e1rio investir mais para crescer.<br \/><a href=\"http:\/\/ecen.com.br\/wp-content\/uploads\/2025\/10\/eee1P.pdf\"><strong>O Brasil e a Mudan\u00e7a do Clima<\/strong><\/a><br \/>Jos\u00e9 Domingos Gonzales Miguez<br \/>A atividade humana muda o equil\u00edbrio dos gases que<br \/>formam a atmosfera provocando o &#8220;efeito estufa&#8221;. O<br \/>que o Brasil est\u00e1 fazendo a respeito.<br \/><a href=\"http:\/\/ecen.com.br\/wp-content\/uploads\/2025\/10\/eee1P.pdf\"><strong>Exaust\u00e3o do Petr\u00f3leo<\/strong><\/a><br \/>Omar Campos Ferreira<br \/>A exaust\u00e3o da reserva mundial de petr\u00f3leo \u00e9 um tema<br \/>de grande interesse estrat\u00e9gico. Baseando-se na<br \/>evolu\u00e7\u00e3o das descobertas mundiais de petr\u00f3leo s\u00e3o<br \/>feitas previs\u00f5es temporais sobre as reservas mundiais.<br \/><a href=\"http:\/\/ecen.com.br\/wp-content\/uploads\/2025\/10\/eee1P.pdf\"><strong>Equil\u00edbrio Inst\u00e1vel<\/strong><\/a><br \/>Genserico Encarna\u00e7\u00e3o Jr.<br \/>Uma r\u00e1pida an\u00e1lise da primeira metade do governo<br \/>FHC na opini\u00e3o do autor.<br \/><a href=\"http:\/\/ecen.com.br\/wp-content\/uploads\/2025\/10\/eee1P.pdf\"><strong>O Capital Nacional<\/strong><\/a><br \/>Carlos Feu Alvim.<br \/>N\u00e3o existe pa\u00eds desenvolvido sem educa\u00e7\u00e3o b\u00e1sica<br \/>universal, p\u00fablica e gratuita e predom\u00ednio de capital<br \/>nacional<br \/><a href=\"http:\/\/ecen.com.br\/wp-content\/uploads\/2025\/10\/eee1P.pdf\"><strong>Quem Somos Um breve resumo dos curricula da equipe de e&amp;e.<\/strong><\/a><\/p>\t\t\t\t\t<\/div>\n\t\t\t\t\t\t<\/div>\n\t\t\t\t<\/div>\n\t\t\t\t\t\t<\/div>\n\t\t\t\t\t<\/div>\n\t\t<\/div>\n\t\t\t\t\t\t\t\t<\/div>\n\t\t\t\t\t<\/div>\n\t\t<\/section>\n\t\t\t\t<section class=\"elementor-section elementor-top-section elementor-element elementor-element-ee044b4 elementor-section-boxed elementor-section-height-default elementor-section-height-default\" data-id=\"ee044b4\" data-element_type=\"section\">\n\t\t\t\t\t\t<div class=\"elementor-container elementor-column-gap-default\">\n\t\t\t\t\t\t\t<div class=\"elementor-row\">\n\t\t\t\t\t<div class=\"elementor-column elementor-col-100 elementor-top-column elementor-element elementor-element-db8c3ca\" data-id=\"db8c3ca\" data-element_type=\"column\">\n\t\t\t<div class=\"elementor-column-wrap elementor-element-populated\">\n\t\t\t\t\t\t\t<div class=\"elementor-widget-wrap\">\n\t\t\t\t\t\t<div class=\"elementor-element elementor-element-5372bf6 elementor-widget elementor-widget-text-editor\" data-id=\"5372bf6\" data-element_type=\"widget\" data-widget_type=\"text-editor.default\">\n\t\t\t\t<div class=\"elementor-widget-container\">\n\t\t\t\t\t\t\t\t<div class=\"elementor-text-editor elementor-clearfix\">\n\t\t\t\t<p><a href=\"http:\/\/ecen.com.br\/wp-content\/uploads\/2025\/10\/eee0P.pdf\">eee0P<\/a><\/p><p><a href=\"http:\/\/ecen.com.br\/wp-content\/uploads\/2025\/10\/eee0P.pdf\">Economia &amp; Energia Ano 1 &#8211; N\u00famero zero &#8211; Dezembro 1996<\/a><br \/>Neste N\u00famero:<br \/><a href=\"http:\/\/ecen.com.br\/wp-content\/uploads\/2025\/10\/eee0P.pdf\"><strong>Apresenta\u00e7\u00e3o e&amp;e o que \u00e9 e a que veio.<\/strong><\/a><br \/><a href=\"http:\/\/ecen.com.br\/wp-content\/uploads\/2025\/10\/eee0P.pdf\"><strong>Futurologia ou brincando com a log\u00edstica<\/strong><\/a><br \/>Omar Campos Ferreira<br \/>Qual a popula\u00e7\u00e3o brasileira daqui a cem anos? Qual a<br \/>capacidade hidrel\u00e9trica a ser instalada no Brasil?<br \/>Como \u00e9 poss\u00edvel projetar quantitativamente estes e<br \/>muitos outros fen\u00f4menos.<br \/><a href=\"http:\/\/ecen.com.br\/wp-content\/uploads\/2025\/10\/eee0P.pdf\"><strong>D\u00e9ficit P\u00fablico<\/strong><\/a><br \/>Genserico Encarna\u00e7\u00e3o<br \/>A forma de contabilizar o d\u00e9ficit p\u00fablico \u00e9 discutida.<br \/>Os indicadores e metodolgias n\u00e3o est\u00e3o isentos de<br \/>vi\u00e9s ideol\u00f3gico.<br \/><a href=\"http:\/\/ecen.com.br\/wp-content\/uploads\/2025\/10\/eee0P.pdf\"><strong>Os Limites da Compet\u00eancia<\/strong><\/a><br \/>uma an\u00e1lise da estrat\u00e9gia empresarial<br \/>da Petrobras<br \/>Genserico Encarna\u00e7\u00e3o<br \/>A compet\u00eancia da Petrobras estar\u00e1 sendo medid dentro de novas regras que regem a desregulamenta\u00e7\u00e3o e a quebra do monop\u00f3lio. Analisas e a atual estrat\u00e9gia da Petrobras.<br \/><a href=\"http:\/\/ecen.com.br\/wp-content\/uploads\/2025\/10\/eee0P.pdf\"><strong>Quem Som os Um breve resumo dos curricula da equipe de e&amp;e<\/strong><\/a><\/p>\t\t\t\t\t<\/div>\n\t\t\t\t\t\t<\/div>\n\t\t\t\t<\/div>\n\t\t\t\t\t\t<\/div>\n\t\t\t\t\t<\/div>\n\t\t<\/div>\n\t\t\t\t\t\t\t\t<\/div>\n\t\t\t\t\t<\/div>\n\t\t<\/section>\n\t\t\t\t\t\t\t\t\t<\/div>\n\t\t\t<\/div>\n\t\t\t\t\t<\/div>\n\t\t","protected":false},"excerpt":{"rendered":"<p>eee1P Economia &amp; Energia Ano 1 &#8211; N\u00famero um &#8211; Fevereiro e Mar\u00e7o de 1997Neste N\u00famero:Apresenta\u00e7\u00e3o e&amp;e o que \u00e9 e a que veio.A Produtividade do CapitalCarlos Feu AlvimA queda da produtividade do capital \u00e9 apontada comoa principal limita\u00e7\u00e3o para o crescimento na economiamundial, inclusive a do Brasil. Aqui como l\u00e1 \u00e9necess\u00e1rio investir mais para &hellip; <\/p>\n<p class=\"link-more\"><a href=\"https:\/\/www.ecen.com.br\/?page_id=5861\" class=\"more-link\">Continue lendo<span class=\"screen-reader-text\"> &#8220;Assuntos n\u00fameros zero a 47 da E&#038;E&#8221;<\/span><\/a><\/p>\n","protected":false},"author":1,"featured_media":0,"parent":0,"menu_order":0,"comment_status":"closed","ping_status":"closed","template":"","meta":[],"_links":{"self":[{"href":"https:\/\/www.ecen.com.br\/index.php?rest_route=\/wp\/v2\/pages\/5861"}],"collection":[{"href":"https:\/\/www.ecen.com.br\/index.php?rest_route=\/wp\/v2\/pages"}],"about":[{"href":"https:\/\/www.ecen.com.br\/index.php?rest_route=\/wp\/v2\/types\/page"}],"author":[{"embeddable":true,"href":"https:\/\/www.ecen.com.br\/index.php?rest_route=\/wp\/v2\/users\/1"}],"replies":[{"embeddable":true,"href":"https:\/\/www.ecen.com.br\/index.php?rest_route=%2Fwp%2Fv2%2Fcomments&post=5861"}],"version-history":[{"count":7,"href":"https:\/\/www.ecen.com.br\/index.php?rest_route=\/wp\/v2\/pages\/5861\/revisions"}],"predecessor-version":[{"id":5871,"href":"https:\/\/www.ecen.com.br\/index.php?rest_route=\/wp\/v2\/pages\/5861\/revisions\/5871"}],"wp:attachment":[{"href":"https:\/\/www.ecen.com.br\/index.php?rest_route=%2Fwp%2Fv2%2Fmedia&parent=5861"}],"curies":[{"name":"wp","href":"https:\/\/api.w.org\/{rel}","templated":true}]}}